{"id":425,"date":"2019-10-30T08:17:10","date_gmt":"2019-10-30T08:17:10","guid":{"rendered":"https:\/\/mg-cm.fr\/?page_id=425"},"modified":"2022-01-20T11:55:47","modified_gmt":"2022-01-20T11:55:47","slug":"charpente-metallique-mateo-garcia","status":"publish","type":"page","link":"https:\/\/mg-cm.fr\/index.php\/charpente-metallique-mateo-garcia\/","title":{"rendered":"Charpente m\u00e9tallique"},"content":{"rendered":"\n<div class=\"wp-block-jetpack-slideshow aligncenter\" data-autoplay=\"true\" data-delay=\"3\" data-effect=\"fade\"><div class=\"wp-block-jetpack-slideshow_container swiper-container\"><ul class=\"wp-block-jetpack-slideshow_swiper-wrapper swiper-wrapper\"><li class=\"wp-block-jetpack-slideshow_slide swiper-slide\"><figure><img loading=\"lazy\" decoding=\"async\" width=\"4224\" height=\"2368\" alt=\"\" class=\"wp-block-jetpack-slideshow_image wp-image-24\" data-id=\"24\" src=\"https:\/\/mg-cm.fr\/wp-content\/uploads\/2019\/10\/charpente-m\u00e9tallique.jpg\" srcset=\"https:\/\/mg-cm.fr\/wp-content\/uploads\/2019\/10\/charpente-m\u00e9tallique.jpg 4224w, https:\/\/mg-cm.fr\/wp-content\/uploads\/2019\/10\/charpente-m\u00e9tallique-300x168.jpg 300w, https:\/\/mg-cm.fr\/wp-content\/uploads\/2019\/10\/charpente-m\u00e9tallique-768x431.jpg 768w, https:\/\/mg-cm.fr\/wp-content\/uploads\/2019\/10\/charpente-m\u00e9tallique-1024x574.jpg 1024w, https:\/\/mg-cm.fr\/wp-content\/uploads\/2019\/10\/charpente-m\u00e9tallique-332x186.jpg 332w\" sizes=\"(max-width: 4224px) 100vw, 4224px\" \/><figcaption class=\"wp-block-jetpack-slideshow_caption gallery-caption\">Charpente M\u00e9tallique MATEO-GARCIA<\/figcaption><\/figure><\/li><li class=\"wp-block-jetpack-slideshow_slide swiper-slide\"><figure><img loading=\"lazy\" decoding=\"async\" width=\"4032\" height=\"1960\" alt=\"\" class=\"wp-block-jetpack-slideshow_image wp-image-21\" data-id=\"21\" src=\"https:\/\/mg-cm.fr\/wp-content\/uploads\/2019\/10\/charpente-m\u00e9tallique-4.jpg\" srcset=\"https:\/\/mg-cm.fr\/wp-content\/uploads\/2019\/10\/charpente-m\u00e9tallique-4.jpg 4032w, https:\/\/mg-cm.fr\/wp-content\/uploads\/2019\/10\/charpente-m\u00e9tallique-4-300x146.jpg 300w, https:\/\/mg-cm.fr\/wp-content\/uploads\/2019\/10\/charpente-m\u00e9tallique-4-768x373.jpg 768w, https:\/\/mg-cm.fr\/wp-content\/uploads\/2019\/10\/charpente-m\u00e9tallique-4-1024x498.jpg 1024w, https:\/\/mg-cm.fr\/wp-content\/uploads\/2019\/10\/charpente-m\u00e9tallique-4-360x175.jpg 360w\" sizes=\"(max-width: 4032px) 100vw, 4032px\" \/><figcaption class=\"wp-block-jetpack-slideshow_caption gallery-caption\">Charpente M\u00e9tallique MATEO-GARCIA<\/figcaption><\/figure><\/li><li class=\"wp-block-jetpack-slideshow_slide swiper-slide\"><figure><img loading=\"lazy\" decoding=\"async\" width=\"3024\" height=\"4032\" alt=\"Charpente M\u00e9tallique MATEO-GARCIA\" class=\"wp-block-jetpack-slideshow_image wp-image-18\" data-id=\"18\" src=\"https:\/\/mg-cm.fr\/wp-content\/uploads\/2019\/10\/charpente-m\u00e9tallique-1-e1572425317523.jpg\" srcset=\"https:\/\/mg-cm.fr\/wp-content\/uploads\/2019\/10\/charpente-m\u00e9tallique-1-e1572425317523.jpg 3024w, https:\/\/mg-cm.fr\/wp-content\/uploads\/2019\/10\/charpente-m\u00e9tallique-1-e1572425317523-225x300.jpg 225w, https:\/\/mg-cm.fr\/wp-content\/uploads\/2019\/10\/charpente-m\u00e9tallique-1-e1572425317523-768x1024.jpg 768w\" sizes=\"(max-width: 3024px) 100vw, 3024px\" \/><figcaption class=\"wp-block-jetpack-slideshow_caption gallery-caption\">Charpente M\u00e9tallique MATEO-GARCIA<\/figcaption><\/figure><\/li><li class=\"wp-block-jetpack-slideshow_slide swiper-slide\"><figure><img loading=\"lazy\" decoding=\"async\" width=\"4224\" height=\"2368\" alt=\"\" class=\"wp-block-jetpack-slideshow_image wp-image-19\" data-id=\"19\" src=\"https:\/\/mg-cm.fr\/wp-content\/uploads\/2019\/10\/charpente-m\u00e9tallique-2.jpg\" srcset=\"https:\/\/mg-cm.fr\/wp-content\/uploads\/2019\/10\/charpente-m\u00e9tallique-2.jpg 4224w, https:\/\/mg-cm.fr\/wp-content\/uploads\/2019\/10\/charpente-m\u00e9tallique-2-300x168.jpg 300w, https:\/\/mg-cm.fr\/wp-content\/uploads\/2019\/10\/charpente-m\u00e9tallique-2-768x431.jpg 768w, https:\/\/mg-cm.fr\/wp-content\/uploads\/2019\/10\/charpente-m\u00e9tallique-2-1024x574.jpg 1024w, https:\/\/mg-cm.fr\/wp-content\/uploads\/2019\/10\/charpente-m\u00e9tallique-2-332x186.jpg 332w\" sizes=\"(max-width: 4224px) 100vw, 4224px\" \/><figcaption class=\"wp-block-jetpack-slideshow_caption gallery-caption\">Charpente M\u00e9tallique MATEO-GARCIA<\/figcaption><\/figure><\/li><li class=\"wp-block-jetpack-slideshow_slide swiper-slide\"><figure><img loading=\"lazy\" decoding=\"async\" width=\"4032\" height=\"1960\" alt=\"\" class=\"wp-block-jetpack-slideshow_image wp-image-20\" data-id=\"20\" src=\"https:\/\/mg-cm.fr\/wp-content\/uploads\/2019\/10\/charpente-m\u00e9tallique-3.jpg\" srcset=\"https:\/\/mg-cm.fr\/wp-content\/uploads\/2019\/10\/charpente-m\u00e9tallique-3.jpg 4032w, https:\/\/mg-cm.fr\/wp-content\/uploads\/2019\/10\/charpente-m\u00e9tallique-3-300x146.jpg 300w, https:\/\/mg-cm.fr\/wp-content\/uploads\/2019\/10\/charpente-m\u00e9tallique-3-768x373.jpg 768w, https:\/\/mg-cm.fr\/wp-content\/uploads\/2019\/10\/charpente-m\u00e9tallique-3-1024x498.jpg 1024w, https:\/\/mg-cm.fr\/wp-content\/uploads\/2019\/10\/charpente-m\u00e9tallique-3-360x175.jpg 360w\" sizes=\"(max-width: 4032px) 100vw, 4032px\" \/><figcaption class=\"wp-block-jetpack-slideshow_caption gallery-caption\">Charpente M\u00e9tallique MATEO-GARCIA<\/figcaption><\/figure><\/li><li class=\"wp-block-jetpack-slideshow_slide swiper-slide\"><figure><img loading=\"lazy\" decoding=\"async\" width=\"4032\" height=\"1960\" alt=\"\" class=\"wp-block-jetpack-slideshow_image wp-image-22\" data-id=\"22\" src=\"https:\/\/mg-cm.fr\/wp-content\/uploads\/2019\/10\/charpente-m\u00e9tallique-5.jpg\" srcset=\"https:\/\/mg-cm.fr\/wp-content\/uploads\/2019\/10\/charpente-m\u00e9tallique-5.jpg 4032w, https:\/\/mg-cm.fr\/wp-content\/uploads\/2019\/10\/charpente-m\u00e9tallique-5-300x146.jpg 300w, https:\/\/mg-cm.fr\/wp-content\/uploads\/2019\/10\/charpente-m\u00e9tallique-5-768x373.jpg 768w, https:\/\/mg-cm.fr\/wp-content\/uploads\/2019\/10\/charpente-m\u00e9tallique-5-1024x498.jpg 1024w, https:\/\/mg-cm.fr\/wp-content\/uploads\/2019\/10\/charpente-m\u00e9tallique-5-360x175.jpg 360w\" sizes=\"(max-width: 4032px) 100vw, 4032px\" \/><figcaption class=\"wp-block-jetpack-slideshow_caption gallery-caption\">Charpente M\u00e9tallique MATEO-GARCIA<\/figcaption><\/figure><\/li><li class=\"wp-block-jetpack-slideshow_slide swiper-slide\"><figure><img loading=\"lazy\" decoding=\"async\" width=\"4224\" height=\"2368\" alt=\"\" class=\"wp-block-jetpack-slideshow_image wp-image-23\" data-id=\"23\" src=\"https:\/\/mg-cm.fr\/wp-content\/uploads\/2019\/10\/charpente-m\u00e9tallique-6.jpg\" srcset=\"https:\/\/mg-cm.fr\/wp-content\/uploads\/2019\/10\/charpente-m\u00e9tallique-6.jpg 4224w, https:\/\/mg-cm.fr\/wp-content\/uploads\/2019\/10\/charpente-m\u00e9tallique-6-300x168.jpg 300w, https:\/\/mg-cm.fr\/wp-content\/uploads\/2019\/10\/charpente-m\u00e9tallique-6-768x431.jpg 768w, https:\/\/mg-cm.fr\/wp-content\/uploads\/2019\/10\/charpente-m\u00e9tallique-6-1024x574.jpg 1024w, https:\/\/mg-cm.fr\/wp-content\/uploads\/2019\/10\/charpente-m\u00e9tallique-6-332x186.jpg 332w\" sizes=\"(max-width: 4224px) 100vw, 4224px\" \/><figcaption class=\"wp-block-jetpack-slideshow_caption gallery-caption\">Charpente M\u00e9tallique MATEO-GARCIA<\/figcaption><\/figure><\/li><li class=\"wp-block-jetpack-slideshow_slide swiper-slide\"><figure><img loading=\"lazy\" decoding=\"async\" width=\"2560\" height=\"1920\" alt=\"\" class=\"wp-block-jetpack-slideshow_image wp-image-631\" data-id=\"631\" src=\"https:\/\/mg-cm.fr\/wp-content\/uploads\/2022\/01\/A-scaled.jpg\" srcset=\"https:\/\/mg-cm.fr\/wp-content\/uploads\/2022\/01\/A-scaled.jpg 2560w, https:\/\/mg-cm.fr\/wp-content\/uploads\/2022\/01\/A-300x225.jpg 300w, https:\/\/mg-cm.fr\/wp-content\/uploads\/2022\/01\/A-1024x768.jpg 1024w, https:\/\/mg-cm.fr\/wp-content\/uploads\/2022\/01\/A-768x576.jpg 768w, https:\/\/mg-cm.fr\/wp-content\/uploads\/2022\/01\/A-1536x1152.jpg 1536w, https:\/\/mg-cm.fr\/wp-content\/uploads\/2022\/01\/A-2048x1536.jpg 2048w\" sizes=\"(max-width: 2560px) 100vw, 2560px\" \/><\/figure><\/li><li class=\"wp-block-jetpack-slideshow_slide swiper-slide\"><figure><img loading=\"lazy\" decoding=\"async\" width=\"1024\" height=\"768\" alt=\"\" class=\"wp-block-jetpack-slideshow_image wp-image-633\" data-id=\"633\" src=\"https:\/\/mg-cm.fr\/wp-content\/uploads\/2022\/01\/Centre-equestre-1.jpg\" srcset=\"https:\/\/mg-cm.fr\/wp-content\/uploads\/2022\/01\/Centre-equestre-1.jpg 1024w, https:\/\/mg-cm.fr\/wp-content\/uploads\/2022\/01\/Centre-equestre-1-300x225.jpg 300w, https:\/\/mg-cm.fr\/wp-content\/uploads\/2022\/01\/Centre-equestre-1-768x576.jpg 768w\" sizes=\"(max-width: 1024px) 100vw, 1024px\" \/><\/figure><\/li><li class=\"wp-block-jetpack-slideshow_slide swiper-slide\"><figure><img loading=\"lazy\" decoding=\"async\" width=\"480\" height=\"360\" alt=\"\" class=\"wp-block-jetpack-slideshow_image wp-image-634\" data-id=\"634\" src=\"https:\/\/mg-cm.fr\/wp-content\/uploads\/2022\/01\/Centre-equestre-2.jpg\" srcset=\"https:\/\/mg-cm.fr\/wp-content\/uploads\/2022\/01\/Centre-equestre-2.jpg 480w, https:\/\/mg-cm.fr\/wp-content\/uploads\/2022\/01\/Centre-equestre-2-300x225.jpg 300w\" sizes=\"(max-width: 480px) 100vw, 480px\" \/><\/figure><\/li><li class=\"wp-block-jetpack-slideshow_slide swiper-slide\"><figure><img loading=\"lazy\" decoding=\"async\" width=\"800\" height=\"600\" alt=\"\" class=\"wp-block-jetpack-slideshow_image wp-image-635\" data-id=\"635\" src=\"https:\/\/mg-cm.fr\/wp-content\/uploads\/2022\/01\/Entrepot-de-stockage-en-ST-pour-Renou.jpg\" srcset=\"https:\/\/mg-cm.fr\/wp-content\/uploads\/2022\/01\/Entrepot-de-stockage-en-ST-pour-Renou.jpg 800w, https:\/\/mg-cm.fr\/wp-content\/uploads\/2022\/01\/Entrepot-de-stockage-en-ST-pour-Renou-300x225.jpg 300w, https:\/\/mg-cm.fr\/wp-content\/uploads\/2022\/01\/Entrepot-de-stockage-en-ST-pour-Renou-768x576.jpg 768w\" sizes=\"(max-width: 800px) 100vw, 800px\" \/><\/figure><\/li><li class=\"wp-block-jetpack-slideshow_slide swiper-slide\"><figure><img loading=\"lazy\" decoding=\"async\" width=\"1280\" height=\"626\" alt=\"\" class=\"wp-block-jetpack-slideshow_image wp-image-636\" data-id=\"636\" src=\"https:\/\/mg-cm.fr\/wp-content\/uploads\/2022\/01\/Fab-et-pose-batiment.jpg\" srcset=\"https:\/\/mg-cm.fr\/wp-content\/uploads\/2022\/01\/Fab-et-pose-batiment.jpg 1280w, https:\/\/mg-cm.fr\/wp-content\/uploads\/2022\/01\/Fab-et-pose-batiment-300x147.jpg 300w, https:\/\/mg-cm.fr\/wp-content\/uploads\/2022\/01\/Fab-et-pose-batiment-1024x501.jpg 1024w, https:\/\/mg-cm.fr\/wp-content\/uploads\/2022\/01\/Fab-et-pose-batiment-768x376.jpg 768w\" sizes=\"(max-width: 1280px) 100vw, 1280px\" \/><\/figure><\/li><li class=\"wp-block-jetpack-slideshow_slide swiper-slide\"><figure><img loading=\"lazy\" decoding=\"async\" width=\"2560\" height=\"1920\" alt=\"\" class=\"wp-block-jetpack-slideshow_image wp-image-637\" data-id=\"637\" src=\"https:\/\/mg-cm.fr\/wp-content\/uploads\/2022\/01\/IMG_20200723_102223-scaled.jpg\" srcset=\"https:\/\/mg-cm.fr\/wp-content\/uploads\/2022\/01\/IMG_20200723_102223-scaled.jpg 2560w, https:\/\/mg-cm.fr\/wp-content\/uploads\/2022\/01\/IMG_20200723_102223-300x225.jpg 300w, https:\/\/mg-cm.fr\/wp-content\/uploads\/2022\/01\/IMG_20200723_102223-1024x768.jpg 1024w, https:\/\/mg-cm.fr\/wp-content\/uploads\/2022\/01\/IMG_20200723_102223-768x576.jpg 768w, https:\/\/mg-cm.fr\/wp-content\/uploads\/2022\/01\/IMG_20200723_102223-1536x1152.jpg 1536w, https:\/\/mg-cm.fr\/wp-content\/uploads\/2022\/01\/IMG_20200723_102223-2048x1536.jpg 2048w\" sizes=\"(max-width: 2560px) 100vw, 2560px\" \/><\/figure><\/li><li class=\"wp-block-jetpack-slideshow_slide swiper-slide\"><figure><img loading=\"lazy\" decoding=\"async\" width=\"2560\" height=\"1920\" alt=\"\" class=\"wp-block-jetpack-slideshow_image wp-image-638\" data-id=\"638\" src=\"https:\/\/mg-cm.fr\/wp-content\/uploads\/2022\/01\/IMG_20200805_150519-scaled.jpg\" srcset=\"https:\/\/mg-cm.fr\/wp-content\/uploads\/2022\/01\/IMG_20200805_150519-scaled.jpg 2560w, https:\/\/mg-cm.fr\/wp-content\/uploads\/2022\/01\/IMG_20200805_150519-300x225.jpg 300w, https:\/\/mg-cm.fr\/wp-content\/uploads\/2022\/01\/IMG_20200805_150519-1024x768.jpg 1024w, https:\/\/mg-cm.fr\/wp-content\/uploads\/2022\/01\/IMG_20200805_150519-768x576.jpg 768w, https:\/\/mg-cm.fr\/wp-content\/uploads\/2022\/01\/IMG_20200805_150519-1536x1152.jpg 1536w, https:\/\/mg-cm.fr\/wp-content\/uploads\/2022\/01\/IMG_20200805_150519-2048x1536.jpg 2048w\" sizes=\"(max-width: 2560px) 100vw, 2560px\" \/><\/figure><\/li><li class=\"wp-block-jetpack-slideshow_slide swiper-slide\"><figure><img loading=\"lazy\" decoding=\"async\" width=\"2560\" height=\"1920\" alt=\"\" class=\"wp-block-jetpack-slideshow_image wp-image-639\" data-id=\"639\" src=\"https:\/\/mg-cm.fr\/wp-content\/uploads\/2022\/01\/IMG_20210928_104627-scaled.jpg\" srcset=\"https:\/\/mg-cm.fr\/wp-content\/uploads\/2022\/01\/IMG_20210928_104627-scaled.jpg 2560w, https:\/\/mg-cm.fr\/wp-content\/uploads\/2022\/01\/IMG_20210928_104627-300x225.jpg 300w, https:\/\/mg-cm.fr\/wp-content\/uploads\/2022\/01\/IMG_20210928_104627-1024x768.jpg 1024w, https:\/\/mg-cm.fr\/wp-content\/uploads\/2022\/01\/IMG_20210928_104627-768x576.jpg 768w, https:\/\/mg-cm.fr\/wp-content\/uploads\/2022\/01\/IMG_20210928_104627-1536x1152.jpg 1536w, https:\/\/mg-cm.fr\/wp-content\/uploads\/2022\/01\/IMG_20210928_104627-2048x1536.jpg 2048w\" sizes=\"(max-width: 2560px) 100vw, 2560px\" \/><\/figure><\/li><li class=\"wp-block-jetpack-slideshow_slide swiper-slide\"><figure><img loading=\"lazy\" decoding=\"async\" width=\"2560\" height=\"1920\" alt=\"\" class=\"wp-block-jetpack-slideshow_image wp-image-640\" data-id=\"640\" src=\"https:\/\/mg-cm.fr\/wp-content\/uploads\/2022\/01\/IMG_20211011_165030-scaled.jpg\" srcset=\"https:\/\/mg-cm.fr\/wp-content\/uploads\/2022\/01\/IMG_20211011_165030-scaled.jpg 2560w, https:\/\/mg-cm.fr\/wp-content\/uploads\/2022\/01\/IMG_20211011_165030-300x225.jpg 300w, https:\/\/mg-cm.fr\/wp-content\/uploads\/2022\/01\/IMG_20211011_165030-1024x768.jpg 1024w, https:\/\/mg-cm.fr\/wp-content\/uploads\/2022\/01\/IMG_20211011_165030-768x576.jpg 768w, https:\/\/mg-cm.fr\/wp-content\/uploads\/2022\/01\/IMG_20211011_165030-1536x1152.jpg 1536w, https:\/\/mg-cm.fr\/wp-content\/uploads\/2022\/01\/IMG_20211011_165030-2048x1536.jpg 2048w\" sizes=\"(max-width: 2560px) 100vw, 2560px\" \/><\/figure><\/li><li class=\"wp-block-jetpack-slideshow_slide swiper-slide\"><figure><img loading=\"lazy\" decoding=\"async\" width=\"2560\" height=\"1920\" alt=\"\" class=\"wp-block-jetpack-slideshow_image wp-image-641\" data-id=\"641\" src=\"https:\/\/mg-cm.fr\/wp-content\/uploads\/2022\/01\/Les-Farfabulles-scaled.jpg\" srcset=\"https:\/\/mg-cm.fr\/wp-content\/uploads\/2022\/01\/Les-Farfabulles-scaled.jpg 2560w, https:\/\/mg-cm.fr\/wp-content\/uploads\/2022\/01\/Les-Farfabulles-300x225.jpg 300w, https:\/\/mg-cm.fr\/wp-content\/uploads\/2022\/01\/Les-Farfabulles-1024x768.jpg 1024w, https:\/\/mg-cm.fr\/wp-content\/uploads\/2022\/01\/Les-Farfabulles-768x576.jpg 768w, https:\/\/mg-cm.fr\/wp-content\/uploads\/2022\/01\/Les-Farfabulles-1536x1152.jpg 1536w, https:\/\/mg-cm.fr\/wp-content\/uploads\/2022\/01\/Les-Farfabulles-2048x1536.jpg 2048w\" sizes=\"(max-width: 2560px) 100vw, 2560px\" \/><\/figure><\/li><li class=\"wp-block-jetpack-slideshow_slide swiper-slide\"><figure><img loading=\"lazy\" decoding=\"async\" width=\"1832\" height=\"1374\" alt=\"\" class=\"wp-block-jetpack-slideshow_image wp-image-642\" data-id=\"642\" src=\"https:\/\/mg-cm.fr\/wp-content\/uploads\/2022\/01\/Renou.jpg\" srcset=\"https:\/\/mg-cm.fr\/wp-content\/uploads\/2022\/01\/Renou.jpg 1832w, https:\/\/mg-cm.fr\/wp-content\/uploads\/2022\/01\/Renou-300x225.jpg 300w, https:\/\/mg-cm.fr\/wp-content\/uploads\/2022\/01\/Renou-1024x768.jpg 1024w, https:\/\/mg-cm.fr\/wp-content\/uploads\/2022\/01\/Renou-768x576.jpg 768w, https:\/\/mg-cm.fr\/wp-content\/uploads\/2022\/01\/Renou-1536x1152.jpg 1536w\" sizes=\"(max-width: 1832px) 100vw, 1832px\" \/><\/figure><\/li><\/ul><a class=\"wp-block-jetpack-slideshow_button-prev swiper-button-prev swiper-button-white\" role=\"button\"><\/a><a class=\"wp-block-jetpack-slideshow_button-next swiper-button-next swiper-button-white\" role=\"button\"><\/a><a aria-label=\"Pause Slideshow\" class=\"wp-block-jetpack-slideshow_button-pause\" role=\"button\"><\/a><div class=\"wp-block-jetpack-slideshow_pagination swiper-pagination swiper-pagination-white\"><\/div><\/div><\/div>\n\n\n\n<p>Charpente m\u00e9tallique 49<\/p>\n","protected":false},"excerpt":{"rendered":"<p>Charpente m\u00e9tallique 49<\/p>\n","protected":false},"author":1,"featured_media":14,"parent":0,"menu_order":0,"comment_status":"closed","ping_status":"closed","template":"","meta":{"_monsterinsights_skip_tracking":false,"_monsterinsights_sitenote_active":false,"_monsterinsights_sitenote_note":"","_monsterinsights_sitenote_category":0,"footnotes":""},"class_list":["post-425","page","type-page","status-publish","has-post-thumbnail","hentry"],"yoast_head":"<!-- This site is optimized with the Yoast SEO plugin v27.5 - https:\/\/yoast.com\/product\/yoast-seo-wordpress\/ -->\n<title>Charpente m\u00e9tallique 49 - MG Constructions m\u00e9talliques Pays de la Loire<\/title>\n<meta name=\"description\" content=\"MATEO-GARCIA Constructions m\u00e9talliques : charpente m\u00e9tallique 49 et 44 en Pays de la Loire. B\u00e2timents commerciaux, industriels ou agricoles.\" \/>\n<meta name=\"robots\" content=\"index, follow, max-snippet:-1, max-image-preview:large, max-video-preview:-1\" \/>\n<link rel=\"canonical\" href=\"https:\/\/mg-cm.fr\/index.php\/charpente-metallique-mateo-garcia\/\" \/>\n<meta property=\"og:locale\" content=\"fr_FR\" \/>\n<meta property=\"og:type\" content=\"article\" \/>\n<meta property=\"og:title\" content=\"Charpente m\u00e9tallique 49 - MG Constructions m\u00e9talliques Pays de la Loire\" \/>\n<meta property=\"og:description\" content=\"MATEO-GARCIA Constructions m\u00e9talliques : charpente m\u00e9tallique 49 et 44 en Pays de la Loire. B\u00e2timents commerciaux, industriels ou agricoles.\" \/>\n<meta property=\"og:url\" content=\"https:\/\/mg-cm.fr\/index.php\/charpente-metallique-mateo-garcia\/\" \/>\n<meta property=\"og:site_name\" content=\"MATEO-GARCIA Constructions M\u00e9talliques Or\u00e9e d&#039;Anjou\" \/>\n<meta property=\"article:modified_time\" content=\"2022-01-20T11:55:47+00:00\" \/>\n<meta property=\"og:image\" content=\"https:\/\/mg-cm.fr\/wp-content\/uploads\/2019\/10\/couverture-m\u00e9tallique-2-1024x498.jpg\" \/>\n\t<meta property=\"og:image:width\" content=\"1024\" \/>\n\t<meta property=\"og:image:height\" content=\"498\" \/>\n\t<meta property=\"og:image:type\" content=\"image\/jpeg\" \/>\n<meta name=\"twitter:card\" content=\"summary_large_image\" \/>\n<meta name=\"twitter:label1\" content=\"Dur\u00e9e de lecture estim\u00e9e\" \/>\n\t<meta name=\"twitter:data1\" content=\"4 minutes\" \/>\n<script type=\"application\/ld+json\" class=\"yoast-schema-graph\">{\"@context\":\"https:\\\/\\\/schema.org\",\"@graph\":[{\"@type\":\"WebPage\",\"@id\":\"https:\\\/\\\/mg-cm.fr\\\/index.php\\\/charpente-metallique-mateo-garcia\\\/\",\"url\":\"https:\\\/\\\/mg-cm.fr\\\/index.php\\\/charpente-metallique-mateo-garcia\\\/\",\"name\":\"Charpente m\u00e9tallique 49 - MG Constructions m\u00e9talliques Pays de la Loire\",\"isPartOf\":{\"@id\":\"https:\\\/\\\/mg-cm.fr\\\/#website\"},\"primaryImageOfPage\":{\"@id\":\"https:\\\/\\\/mg-cm.fr\\\/index.php\\\/charpente-metallique-mateo-garcia\\\/#primaryimage\"},\"image\":{\"@id\":\"https:\\\/\\\/mg-cm.fr\\\/index.php\\\/charpente-metallique-mateo-garcia\\\/#primaryimage\"},\"thumbnailUrl\":\"https:\\\/\\\/mg-cm.fr\\\/wp-content\\\/uploads\\\/2019\\\/10\\\/couverture-m\u00e9tallique-2.jpg\",\"datePublished\":\"2019-10-30T08:17:10+00:00\",\"dateModified\":\"2022-01-20T11:55:47+00:00\",\"description\":\"MATEO-GARCIA Constructions m\u00e9talliques : charpente m\u00e9tallique 49 et 44 en Pays de la Loire. B\u00e2timents commerciaux, industriels ou agricoles.\",\"breadcrumb\":{\"@id\":\"https:\\\/\\\/mg-cm.fr\\\/index.php\\\/charpente-metallique-mateo-garcia\\\/#breadcrumb\"},\"inLanguage\":\"fr-FR\",\"potentialAction\":[{\"@type\":\"ReadAction\",\"target\":[\"https:\\\/\\\/mg-cm.fr\\\/index.php\\\/charpente-metallique-mateo-garcia\\\/\"]}]},{\"@type\":\"ImageObject\",\"inLanguage\":\"fr-FR\",\"@id\":\"https:\\\/\\\/mg-cm.fr\\\/index.php\\\/charpente-metallique-mateo-garcia\\\/#primaryimage\",\"url\":\"https:\\\/\\\/mg-cm.fr\\\/wp-content\\\/uploads\\\/2019\\\/10\\\/couverture-m\u00e9tallique-2.jpg\",\"contentUrl\":\"https:\\\/\\\/mg-cm.fr\\\/wp-content\\\/uploads\\\/2019\\\/10\\\/couverture-m\u00e9tallique-2.jpg\",\"width\":4032,\"height\":1960,\"caption\":\"Couverture m\u00e9tallique Maine et Loire 49 et Loire-Atlantique 44\"},{\"@type\":\"BreadcrumbList\",\"@id\":\"https:\\\/\\\/mg-cm.fr\\\/index.php\\\/charpente-metallique-mateo-garcia\\\/#breadcrumb\",\"itemListElement\":[{\"@type\":\"ListItem\",\"position\":1,\"name\":\"Home\",\"item\":\"https:\\\/\\\/mg-cm.fr\\\/\"},{\"@type\":\"ListItem\",\"position\":2,\"name\":\"Charpente m\u00e9tallique\"}]},{\"@type\":\"WebSite\",\"@id\":\"https:\\\/\\\/mg-cm.fr\\\/#website\",\"url\":\"https:\\\/\\\/mg-cm.fr\\\/\",\"name\":\"MATEO-GARCIA Constructions M\u00e9talliques Or\u00e9e d&#039;Anjou\",\"description\":\"B\u00e2timents agricoles, commerciaux et industriels en Pays de la Loire\",\"publisher\":{\"@id\":\"https:\\\/\\\/mg-cm.fr\\\/#organization\"},\"potentialAction\":[{\"@type\":\"SearchAction\",\"target\":{\"@type\":\"EntryPoint\",\"urlTemplate\":\"https:\\\/\\\/mg-cm.fr\\\/?s={search_term_string}\"},\"query-input\":{\"@type\":\"PropertyValueSpecification\",\"valueRequired\":true,\"valueName\":\"search_term_string\"}}],\"inLanguage\":\"fr-FR\"},{\"@type\":\"Organization\",\"@id\":\"https:\\\/\\\/mg-cm.fr\\\/#organization\",\"name\":\"MATEO-GARCIA Constructions M\u00e9talliques Or\u00e9e d&#039;Anjou\",\"url\":\"https:\\\/\\\/mg-cm.fr\\\/\",\"logo\":{\"@type\":\"ImageObject\",\"inLanguage\":\"fr-FR\",\"@id\":\"https:\\\/\\\/mg-cm.fr\\\/#\\\/schema\\\/logo\\\/image\\\/\",\"url\":\"https:\\\/\\\/mg-cm.fr\\\/wp-content\\\/uploads\\\/2019\\\/10\\\/cropped-MG-Logo-ConvertImage-15-pourcent-1.jpg\",\"contentUrl\":\"https:\\\/\\\/mg-cm.fr\\\/wp-content\\\/uploads\\\/2019\\\/10\\\/cropped-MG-Logo-ConvertImage-15-pourcent-1.jpg\",\"width\":302,\"height\":242,\"caption\":\"MATEO-GARCIA Constructions M\u00e9talliques Or\u00e9e d&#039;Anjou\"},\"image\":{\"@id\":\"https:\\\/\\\/mg-cm.fr\\\/#\\\/schema\\\/logo\\\/image\\\/\"}}]}<\/script>\n<!-- \/ Yoast SEO plugin. -->","yoast_head_json":{"title":"Charpente m\u00e9tallique 49 - MG Constructions m\u00e9talliques Pays de la Loire","description":"MATEO-GARCIA Constructions m\u00e9talliques : charpente m\u00e9tallique 49 et 44 en Pays de la Loire. B\u00e2timents commerciaux, industriels ou agricoles.","robots":{"index":"index","follow":"follow","max-snippet":"max-snippet:-1","max-image-preview":"max-image-preview:large","max-video-preview":"max-video-preview:-1"},"canonical":"https:\/\/mg-cm.fr\/index.php\/charpente-metallique-mateo-garcia\/","og_locale":"fr_FR","og_type":"article","og_title":"Charpente m\u00e9tallique 49 - MG Constructions m\u00e9talliques Pays de la Loire","og_description":"MATEO-GARCIA Constructions m\u00e9talliques : charpente m\u00e9tallique 49 et 44 en Pays de la Loire. B\u00e2timents commerciaux, industriels ou agricoles.","og_url":"https:\/\/mg-cm.fr\/index.php\/charpente-metallique-mateo-garcia\/","og_site_name":"MATEO-GARCIA Constructions M\u00e9talliques Or\u00e9e d&#039;Anjou","article_modified_time":"2022-01-20T11:55:47+00:00","og_image":[{"width":1024,"height":498,"url":"https:\/\/mg-cm.fr\/wp-content\/uploads\/2019\/10\/couverture-m\u00e9tallique-2-1024x498.jpg","type":"image\/jpeg"}],"twitter_card":"summary_large_image","twitter_misc":{"Dur\u00e9e de lecture estim\u00e9e":"4 minutes"},"schema":{"@context":"https:\/\/schema.org","@graph":[{"@type":"WebPage","@id":"https:\/\/mg-cm.fr\/index.php\/charpente-metallique-mateo-garcia\/","url":"https:\/\/mg-cm.fr\/index.php\/charpente-metallique-mateo-garcia\/","name":"Charpente m\u00e9tallique 49 - MG Constructions m\u00e9talliques Pays de la Loire","isPartOf":{"@id":"https:\/\/mg-cm.fr\/#website"},"primaryImageOfPage":{"@id":"https:\/\/mg-cm.fr\/index.php\/charpente-metallique-mateo-garcia\/#primaryimage"},"image":{"@id":"https:\/\/mg-cm.fr\/index.php\/charpente-metallique-mateo-garcia\/#primaryimage"},"thumbnailUrl":"https:\/\/mg-cm.fr\/wp-content\/uploads\/2019\/10\/couverture-m\u00e9tallique-2.jpg","datePublished":"2019-10-30T08:17:10+00:00","dateModified":"2022-01-20T11:55:47+00:00","description":"MATEO-GARCIA Constructions m\u00e9talliques : charpente m\u00e9tallique 49 et 44 en Pays de la Loire. B\u00e2timents commerciaux, industriels ou agricoles.","breadcrumb":{"@id":"https:\/\/mg-cm.fr\/index.php\/charpente-metallique-mateo-garcia\/#breadcrumb"},"inLanguage":"fr-FR","potentialAction":[{"@type":"ReadAction","target":["https:\/\/mg-cm.fr\/index.php\/charpente-metallique-mateo-garcia\/"]}]},{"@type":"ImageObject","inLanguage":"fr-FR","@id":"https:\/\/mg-cm.fr\/index.php\/charpente-metallique-mateo-garcia\/#primaryimage","url":"https:\/\/mg-cm.fr\/wp-content\/uploads\/2019\/10\/couverture-m\u00e9tallique-2.jpg","contentUrl":"https:\/\/mg-cm.fr\/wp-content\/uploads\/2019\/10\/couverture-m\u00e9tallique-2.jpg","width":4032,"height":1960,"caption":"Couverture m\u00e9tallique Maine et Loire 49 et Loire-Atlantique 44"},{"@type":"BreadcrumbList","@id":"https:\/\/mg-cm.fr\/index.php\/charpente-metallique-mateo-garcia\/#breadcrumb","itemListElement":[{"@type":"ListItem","position":1,"name":"Home","item":"https:\/\/mg-cm.fr\/"},{"@type":"ListItem","position":2,"name":"Charpente m\u00e9tallique"}]},{"@type":"WebSite","@id":"https:\/\/mg-cm.fr\/#website","url":"https:\/\/mg-cm.fr\/","name":"MATEO-GARCIA Constructions M\u00e9talliques Or\u00e9e d&#039;Anjou","description":"B\u00e2timents agricoles, commerciaux et industriels en Pays de la Loire","publisher":{"@id":"https:\/\/mg-cm.fr\/#organization"},"potentialAction":[{"@type":"SearchAction","target":{"@type":"EntryPoint","urlTemplate":"https:\/\/mg-cm.fr\/?s={search_term_string}"},"query-input":{"@type":"PropertyValueSpecification","valueRequired":true,"valueName":"search_term_string"}}],"inLanguage":"fr-FR"},{"@type":"Organization","@id":"https:\/\/mg-cm.fr\/#organization","name":"MATEO-GARCIA Constructions M\u00e9talliques Or\u00e9e d&#039;Anjou","url":"https:\/\/mg-cm.fr\/","logo":{"@type":"ImageObject","inLanguage":"fr-FR","@id":"https:\/\/mg-cm.fr\/#\/schema\/logo\/image\/","url":"https:\/\/mg-cm.fr\/wp-content\/uploads\/2019\/10\/cropped-MG-Logo-ConvertImage-15-pourcent-1.jpg","contentUrl":"https:\/\/mg-cm.fr\/wp-content\/uploads\/2019\/10\/cropped-MG-Logo-ConvertImage-15-pourcent-1.jpg","width":302,"height":242,"caption":"MATEO-GARCIA Constructions M\u00e9talliques Or\u00e9e d&#039;Anjou"},"image":{"@id":"https:\/\/mg-cm.fr\/#\/schema\/logo\/image\/"}}]}},"jetpack_sharing_enabled":true,"_links":{"self":[{"href":"https:\/\/mg-cm.fr\/index.php\/wp-json\/wp\/v2\/pages\/425","targetHints":{"allow":["GET"]}}],"collection":[{"href":"https:\/\/mg-cm.fr\/index.php\/wp-json\/wp\/v2\/pages"}],"about":[{"href":"https:\/\/mg-cm.fr\/index.php\/wp-json\/wp\/v2\/types\/page"}],"author":[{"embeddable":true,"href":"https:\/\/mg-cm.fr\/index.php\/wp-json\/wp\/v2\/users\/1"}],"replies":[{"embeddable":true,"href":"https:\/\/mg-cm.fr\/index.php\/wp-json\/wp\/v2\/comments?post=425"}],"version-history":[{"count":6,"href":"https:\/\/mg-cm.fr\/index.php\/wp-json\/wp\/v2\/pages\/425\/revisions"}],"predecessor-version":[{"id":643,"href":"https:\/\/mg-cm.fr\/index.php\/wp-json\/wp\/v2\/pages\/425\/revisions\/643"}],"wp:featuredmedia":[{"embeddable":true,"href":"https:\/\/mg-cm.fr\/index.php\/wp-json\/wp\/v2\/media\/14"}],"wp:attachment":[{"href":"https:\/\/mg-cm.fr\/index.php\/wp-json\/wp\/v2\/media?parent=425"}],"curies":[{"name":"wp","href":"https:\/\/api.w.org\/{rel}","templated":true}]}}