{"id":377,"date":"2019-10-25T15:14:42","date_gmt":"2019-10-25T15:14:42","guid":{"rendered":"https:\/\/mg-cm.fr\/?page_id=377"},"modified":"2019-10-25T19:28:35","modified_gmt":"2019-10-25T19:28:35","slug":"mentions-legales","status":"publish","type":"page","link":"https:\/\/mg-cm.fr\/index.php\/mentions-legales\/","title":{"rendered":"Mentions l\u00e9gales"},"content":{"rendered":"\n<p style=\"text-align:center\"><strong>MENTIONS L\u00c9GALES DU SITE<\/strong><\/p>\n\n\n\n<p style=\"text-align:center\"><strong>mg-cm.fr<\/strong><\/p>\n\n\n\n<p><br>\n<br>\nConform\u00e9ment aux dispositions des Articles 6-III et 19 de la Loi n\u00b02004-575 du\n21 juin 2004 pour la Confiance dans l&rsquo;\u00e9conomie num\u00e9rique, dite L.C.E.N., il est\nport\u00e9 \u00e0 la connaissance des utilisateurs et visiteurs du site mg-cm.fr les\npr\u00e9sentes mentions l\u00e9gales.<\/p>\n\n\n\n<p style=\"text-align:left\"><br>\nLe site mg-cm.fr est accessible \u00e0 l&rsquo;adresse suivante&nbsp;: https:\/\/mg-cm.fr\n(ci-apr\u00e8s \u00ab\u00a0le Site\u00a0\u00bb). L&rsquo;acc\u00e8s et l&rsquo;utilisation du Site sont soumis\naux pr\u00e9sentes \u00a0\u00bb Mentions l\u00e9gales\u00a0\u00bb d\u00e9taill\u00e9es ci-apr\u00e8s ainsi qu&rsquo;aux\nlois et\/ou r\u00e8glements applicables.<\/p>\n\n\n\n<p>La connexion, l&rsquo;utilisation et l&rsquo;acc\u00e8s \u00e0\nce Site impliquent l&rsquo;acceptation int\u00e9grale et sans r\u00e9serve de l&rsquo;internaute de\ntoutes les dispositions des pr\u00e9sentes Mentions L\u00e9gales.<\/p>\n\n\n\n<p style=\"text-align:center\"><strong><br>\nARTICLE 1 &#8211; INFORMATIONS L\u00c9GALES<\/strong><\/p>\n\n\n\n<p><br>\nEn vertu de l&rsquo;Article 6 de la Loi n\u00b0 2004-575 du 21 juin 2004 pour la confiance\ndans l&rsquo;\u00e9conomie num\u00e9rique, il est pr\u00e9cis\u00e9 dans cet article l&rsquo;identit\u00e9 des\ndiff\u00e9rents intervenants dans le cadre de sa r\u00e9alisation et de son suivi.<\/p>\n\n\n\n<p><strong><br>\nA.<\/strong> Editeur du site<\/p>\n\n\n\n<p>Le site mg-cm.fr est \u00e9dit\u00e9 par&nbsp;:\nOPTIM assistance SARL ayant\nson si\u00e8ge social \u00e0 l&rsquo;adresse suivante&nbsp;: 49 rue du coll\u00e8ge 44150 ANCENIS,\net immatricul\u00e9e au num\u00e9ro suivant&nbsp;: RCS NANTES 843 758 350 00014.<\/p>\n\n\n\n<p>Capital social&nbsp;: 1&nbsp;000 euros<\/p>\n\n\n\n<p>T\u00e9l\u00e9phone&nbsp;: 06 63 33 45 77<\/p>\n\n\n\n<p>Adresse e-mail\u00a0: contact[@]optimassistance.com<\/p>\n\n\n\n<p><em>ci-apr\u00e8s \u00a0\u00bb l&rsquo;\u00c9diteur \u00ab\u00a0<\/em><\/p>\n\n\n\n<p><strong><br>\nB.<\/strong> Directeur de\npublication<\/p>\n\n\n\n<p>Le Directeur de publication est&nbsp;:<\/p>\n\n\n\n<p><strong>Claudie Leprestre<\/strong><\/p>\n\n\n\n<p>Adresse e-mail de contact\u00a0: contact [@] optimassistance.com<\/p>\n\n\n\n<p><em>ci-apr\u00e8s \u00a0\u00bb le Directeur de\npublication \u00ab\u00a0<\/em><\/p>\n\n\n\n<p><strong><br>\nC.<\/strong> H\u00e9bergeur du site<\/p>\n\n\n\n<p>Le site mg-cm.fr est h\u00e9berg\u00e9 par&nbsp;:<\/p>\n\n\n\n<p><strong>Proxgroup<\/strong><\/p>\n\n\n\n<p>dont le si\u00e8ge est situ\u00e9 \u00e0 l&rsquo;adresse\nsuivante&nbsp;: Chez M. COTTEY 12 rue Gr\u00e9court 37000 TOURS<\/p>\n\n\n\n<p>Adresse e-mail&nbsp;:\ncontact@proxgroup.fr.<\/p>\n\n\n\n<p><em>ci-apr\u00e8s \u00a0\u00bb l&rsquo;H\u00e9bergeur \u00ab\u00a0<\/em><\/p>\n\n\n\n<p><strong><br>\nD.<\/strong> Utilisateurs<\/p>\n\n\n\n<p>Sont consid\u00e9r\u00e9s comme utilisateurs tous\nles internautes qui naviguent, lisent, visionnent et utilisent le site\nmg-cm.fr.<\/p>\n\n\n\n<p><em>ci-apr\u00e8s les \u00a0\u00bb Utilisateurs \u00ab\u00a0<\/em><\/p>\n\n\n\n<p style=\"text-align:center\"><strong><br>\nARTICLE 2 &#8211; CONFIDENTIALITE<\/strong><\/p>\n\n\n\n<p><strong><br>\nA.<\/strong> DONNEES COLLECTEES ET\nTRAITEES<\/p>\n\n\n\n<p>Conform\u00e9ment aux dispositions de l&rsquo;article\n5 du R\u00e8glement europ\u00e9en 2016\/679, la collecte et le traitement des donn\u00e9es des\nutilisateurs du site respectent les principes suivants&nbsp;:<\/p>\n\n\n\n<ul class=\"wp-block-list\"><li>Lic\u00e9it\u00e9, loyaut\u00e9 et transparence\u00a0: les donn\u00e9es ne peuvent \u00eatre collect\u00e9es et trait\u00e9es qu&rsquo;avec le consentement de l&rsquo;utilisateur propri\u00e9taire des donn\u00e9es. A chaque fois que des donn\u00e9es \u00e0 caract\u00e8re personnel seront collect\u00e9es, il sera indiqu\u00e9 \u00e0 l&rsquo;utilisateur que ses donn\u00e9es sont collect\u00e9es, et pour quelles raisons ses donn\u00e9es sont      collect\u00e9es\u00a0<\/li><\/ul>\n\n\n\n<ul class=\"wp-block-list\"><li>Finalit\u00e9s limit\u00e9es\u00a0: la collecte et le traitement des donn\u00e9es sont ex\u00e9cut\u00e9s pour r\u00e9pondre \u00e0 un ou plusieurs objectifs d\u00e9termin\u00e9s dans les pr\u00e9sentes mentions l\u00e9gales\u00a0<\/li><\/ul>\n\n\n\n<ul class=\"wp-block-list\"><li>Minimisation de la collecte et du traitement des donn\u00e9es\u00a0: seules les donn\u00e9es n\u00e9cessaires \u00e0 la bonne ex\u00e9cution des objectifs poursuivis par le site sont collect\u00e9es\u00a0<\/li><\/ul>\n\n\n\n<ul class=\"wp-block-list\"><li>Conservation des donn\u00e9es r\u00e9duites dans le temps\u00a0: les donn\u00e9es sont conserv\u00e9es pour une dur\u00e9e limit\u00e9e, dont l&rsquo;utilisateur est inform\u00e9. Si la dur\u00e9e de conservation ne peut \u00eatre communiqu\u00e9e \u00e0 l&rsquo;utilisateur\u00a0<\/li><\/ul>\n\n\n\n<ul class=\"wp-block-list\"><li>Int\u00e9grit\u00e9 et confidentialit\u00e9 des donn\u00e9es collect\u00e9es et trait\u00e9es\u00a0: le responsable du traitement des donn\u00e9es s&rsquo;engage \u00e0 garantir l&rsquo;int\u00e9grit\u00e9 et la confidentialit\u00e9 des donn\u00e9es collect\u00e9es.\u00a0<\/li><\/ul>\n\n\n\n<p><br>\nAfin d&rsquo;\u00eatre licite, et ce conform\u00e9ment aux exigences de l&rsquo;article 6 du\nr\u00e8glement europ\u00e9en 2016\/679, la collecte et le traitement des donn\u00e9es \u00e0\ncaract\u00e8re personnel ne pourront intervenir que s&rsquo;ils respectent au moins l&rsquo;une\ndes conditions ci-apr\u00e8s \u00e9num\u00e9r\u00e9es&nbsp;:<\/p>\n\n\n\n<ul class=\"wp-block-list\"><li>L&rsquo;utilisateur a express\u00e9ment consenti au traitement\u00a0<\/li><\/ul>\n\n\n\n<ul class=\"wp-block-list\"><li>Le traitement est n\u00e9cessaire \u00e0 la bonne ex\u00e9cution d&rsquo;un contrat\u00a0<\/li><\/ul>\n\n\n\n<ul class=\"wp-block-list\"><li>Le traitement r\u00e9pond \u00e0 une obligation l\u00e9gale\u00a0<\/li><\/ul>\n\n\n\n<ul class=\"wp-block-list\"><li>Le traitement s&rsquo;explique par une n\u00e9cessit\u00e9 li\u00e9e \u00e0 la sauvegarde des int\u00e9r\u00eats vitaux de la personne concern\u00e9e ou d&rsquo;une autre personne physique\u00a0<\/li><\/ul>\n\n\n\n<ul class=\"wp-block-list\"><li>Le traitement peut s&rsquo;expliquer par une n\u00e9cessit\u00e9 li\u00e9e \u00e0 l&rsquo;ex\u00e9cution d&rsquo;une mission d&rsquo;int\u00e9r\u00eat public ou qui rel\u00e8ve de l&rsquo;exercice de l&rsquo;autorit\u00e9 publique\u00a0<\/li><\/ul>\n\n\n\n<ul class=\"wp-block-list\"><li>Le traitement et la collecte des donn\u00e9es \u00e0 caract\u00e8re personnel sont n\u00e9cessaires aux fins des int\u00e9r\u00eats l\u00e9gitimes et priv\u00e9s poursuivis par le responsable du traitement ou par un tiers\u00a0<\/li><\/ul>\n\n\n\n<p>Les donn\u00e9es \u00e0 caract\u00e8re personnel\ncollect\u00e9es sur le site mg-cm.fr sont les suivantes&nbsp;:<\/p>\n\n\n\n<p>NOM<br>\nPr\u00e9nom<br>\nAdresse mail<br>\nN\u00b0 t\u00e9l\u00e9phone<\/p>\n\n\n\n<p>Ces donn\u00e9es sont collect\u00e9es lorsque\nl&rsquo;Utilisateur effectue l&rsquo;une des op\u00e9rations suivantes sur le site&nbsp;:<\/p>\n\n\n\n<p>Envoi d&rsquo;un message \u00e0 la soci\u00e9t\u00e9\nMATEO-GARCIA Constructions M\u00e9talliques via le formulaire de contact<\/p>\n\n\n\n<p>Le responsable du traitement conservera\ndans ses syst\u00e8mes informatiques du site et dans des conditions raisonnables de\ns\u00e9curit\u00e9 l&rsquo;ensemble des donn\u00e9es collect\u00e9es pour une dur\u00e9e de&nbsp;: 2 ans.<\/p>\n\n\n\n<p>La collecte et le traitement des donn\u00e9es\nr\u00e9pondent aux finalit\u00e9s suivantes&nbsp;:<\/p>\n\n\n\n<p>Traitement et r\u00e9ponse aux demandes\ntransmises via le formulaire de contact<\/p>\n\n\n\n<p><strong><br>\nB.<\/strong> HEBERGEMENT DES\nDONNEES<\/p>\n\n\n\n<p>Tel que mentionn\u00e9 plus haut, le site\nmg-cm.fr est h\u00e9berg\u00e9 par&nbsp;: Proxgroup, dont le si\u00e8ge est situ\u00e9 \u00e0 l&rsquo;adresse\nci-apr\u00e8s&nbsp;:<\/p>\n\n\n\n<p>Chez M. COTTEY 12 rue Gr\u00e9court 37000 TOURS<\/p>\n\n\n\n<p>L&rsquo;h\u00e9bergeur peut \u00eatre contact\u00e9 au num\u00e9ro\nde t\u00e9l\u00e9phone suivant&nbsp;: contact@proxgroup.fr<\/p>\n\n\n\n<p>Les donn\u00e9es collect\u00e9es et trait\u00e9es par le\nsite sont exclusivement h\u00e9berg\u00e9es et trait\u00e9es en France.<\/p>\n\n\n\n<p><strong><br>\nC.<\/strong> LE RESPONSABLE DU\nTRAITEMENT DES DONN\u00c9ES<\/p>\n\n\n\n<p>Le responsable du traitement des donn\u00e9es \u00e0\ncaract\u00e8re personnel est&nbsp;: J\u00e9r\u00f4me MATEO-GARCIA. Il peut \u00eatre contact\u00e9 de la\nmani\u00e8re suivante&nbsp;:<\/p>\n\n\n\n<p>Mail&nbsp;: contact[@]mg-cm.fr<\/p>\n\n\n\n<p><strong><br>\nD.<\/strong> DONNEES PERSONNELLES\nDES PERSONNES MINEURES<\/p>\n\n\n\n<p>Conform\u00e9ment aux dispositions de l&rsquo;article\n8 du r\u00e8glement europ\u00e9en 2016\/679 et \u00e0 la loi Informatique et Libert\u00e9s, seuls\nles mineurs \u00e2g\u00e9s de 15 ans ou plus peuvent consentir au traitement de leurs\ndonn\u00e9es personnelles.<\/p>\n\n\n\n<p>Si l&rsquo;utilisateur est un mineur de moins de\n15 ans, l&rsquo;accord d&rsquo;un repr\u00e9sentant l\u00e9gal sera requis afin que des donn\u00e9es \u00e0\ncaract\u00e8re personnel puissent \u00eatre collect\u00e9es et trait\u00e9es.<\/p>\n\n\n\n<p><strong><br>\nE.<\/strong> DROITS DE\nL&rsquo;UTILISATEUR ET PROC\u00c9DURES DE MISE EN OEUVRE DES DROITS DE L&rsquo;UTILISATEUR<\/p>\n\n\n\n<p>Conform\u00e9ment \u00e0 la r\u00e9glementation\nconcernant le traitement des donn\u00e9es \u00e0 caract\u00e8re personnel, l&rsquo;Utilisateur\nposs\u00e8de les droits ci-apr\u00e8s \u00e9num\u00e9r\u00e9s.<\/p>\n\n\n\n<p>Afin que le responsable du traitement des\ndonn\u00e9es fasse droit \u00e0 sa demande, l&rsquo;utilisateur est tenu de lui\ncommuniquer&nbsp;: ses pr\u00e9nom et nom ainsi que son adresse e-mail.<\/p>\n\n\n\n<p>Le responsable du traitement des donn\u00e9es\nest tenu de r\u00e9pondre \u00e0 l&rsquo;Utilisateur dans un d\u00e9lai de 30 (trente) jours\nmaximum.<\/p>\n\n\n\n<p><em><br>\na. Droit d&rsquo;acc\u00e8s, de rectification et droit \u00e0 l&rsquo;oubli<\/em><\/p>\n\n\n\n<p>L&rsquo;utilisateur peut prendre connaissance,\nmettre \u00e0 jour, modifier ou demander la suppression des donn\u00e9es le concernant,\nen respectant la proc\u00e9dure ci-apr\u00e8s \u00e9nonc\u00e9e&nbsp;:<\/p>\n\n\n\n<p>Message via le formulaire de contact ou\npar e-mail \u00e0 contact[@]mg-cm.fr<\/p>\n\n\n\n<p><em><br>\nb. Droit \u00e0 la portabilit\u00e9 des donn\u00e9es<\/em><\/p>\n\n\n\n<p>L&rsquo;Utilisateur a le droit de demander la\nportabilit\u00e9 de ses donn\u00e9es personnelles, d\u00e9tenues par le site, vers un autre\nsite, en se conformant \u00e0 la proc\u00e9dure ci-apr\u00e8s&nbsp;:<\/p>\n\n\n\n<p>Message via le formulaire de contact ou\nmail \u00e0 contact(@)mg-cm.fr<\/p>\n\n\n\n<p><em><br>\nc. Droit \u00e0 la limitation et \u00e0 l&rsquo;opposition du traitement des donn\u00e9es<\/em><\/p>\n\n\n\n<p>Enfin, l&rsquo;Utilisateur a le droit de\ndemander la limitation ou de s&rsquo;opposer au traitement de ses donn\u00e9es par le\nsite, sans que le site ne puisse refuser, sauf \u00e0 d\u00e9montrer l&rsquo;existence de\nmotifs l\u00e9gitimes et imp\u00e9rieux, pouvant pr\u00e9valoir sur les int\u00e9r\u00eats et les droits\net libert\u00e9s de l&rsquo;Utilisateur.<\/p>\n\n\n\n<p><em><br>\nd. Droit de d\u00e9terminer le sort des donn\u00e9es apr\u00e8s la mort<\/em><\/p>\n\n\n\n<p>Il est rappel\u00e9 \u00e0 l&rsquo;utilisateur qu&rsquo;il peut\norganiser quel doit \u00eatre le devenir de ses donn\u00e9es collect\u00e9es et trait\u00e9es s&rsquo;il\nd\u00e9c\u00e8de, conform\u00e9ment \u00e0 la loi n\u00b02016-1321 du 7 octobre 2016.<\/p>\n\n\n\n<p><em><br>\ne. Droit de saisir l&rsquo;autorit\u00e9 de contr\u00f4le comp\u00e9tente<\/em><\/p>\n\n\n\n<p>Dans le cas o\u00f9 le responsable du\ntraitement des donn\u00e9es d\u00e9cide de ne pas r\u00e9pondre \u00e0 la demande de l&rsquo;Utilisateur,\net que l&rsquo;Utilisateur souhaite contester cette d\u00e9cision, il est en droit de\nsaisir la CNIL (Commission Nationale de l&rsquo;Informatique et des Libert\u00e9s,\nhttps:\/\/www.cnil.fr) ou tout juge comp\u00e9tent.<\/p>\n\n\n\n<p><strong><br>\nF.<\/strong> OBLIGATIONS DU\nRESPONSABLE DU TRAITEMENT DES DONN\u00c9ES<\/p>\n\n\n\n<p>Le responsable du traitement s&rsquo;engage \u00e0\nprot\u00e9ger les donn\u00e9es \u00e0 caract\u00e8re personnel collect\u00e9es, \u00e0 ne pas les transmettre\n\u00e0 des tiers sans que l&rsquo;utilisateur n&rsquo;en ait \u00e9t\u00e9 inform\u00e9 et \u00e0 respecter les\nfinalit\u00e9s pour lesquelles ces donn\u00e9es ont \u00e9t\u00e9 collect\u00e9es.<\/p>\n\n\n\n<p>Le site dispose d&rsquo;un certificat SSL afin\nde garantir que les informations et le transfert des donn\u00e9es transitant par le\nsite sont s\u00e9curis\u00e9s.<\/p>\n\n\n\n<p>De plus, le responsable du traitement des\ndonn\u00e9es s&rsquo;engage \u00e0 notifier l&rsquo;utilisateur en cas de rectification ou de\nsuppression des donn\u00e9es, \u00e0 moins que cela n&rsquo;entra\u00eene pour lui des formalit\u00e9s,\nco\u00fbts et d\u00e9marches disproportionn\u00e9s.<\/p>\n\n\n\n<p>Dans le cas o\u00f9 l&rsquo;int\u00e9grit\u00e9, la confidentialit\u00e9 ou la s\u00e9curit\u00e9 des donn\u00e9es \u00e0 caract\u00e8re personnel de l&rsquo;Utilisateur est compromise, le responsable du traitement s&rsquo;engage \u00e0 informer l&rsquo;Utilisateur par tout moyen.<\/p>\n\n\n\n<p style=\"text-align:center\"><strong><br>\nARTICLE 3 &#8211; ACCESSIBILIT\u00c9<\/strong><\/p>\n\n\n\n<p><br>\nLe Site est par principe accessible aux Utilisateurs 24\/24h et 7\/7j, sauf\ninterruption, programm\u00e9e ou non, pour des besoins de maintenance ou en cas de\nforce majeure.<\/p>\n\n\n\n<p>En cas d&rsquo;impossibilit\u00e9 d&rsquo;acc\u00e8s au Site,\ncelui-ci s&rsquo;engage \u00e0 faire son maximum afin d&rsquo;en r\u00e9tablir l&rsquo;acc\u00e8s. Le Site ne\nsaurait \u00eatre tenu pour responsable de tout dommage, quelle qu&rsquo;en soit la\nnature, r\u00e9sultant de son indisponibilit\u00e9.<\/p>\n\n\n\n<p style=\"text-align:center\"><strong><br>\nARTICLE 4 &#8211; LOI APPLICABLE ET JURIDICTION<\/strong><\/p>\n\n\n\n<p> Les pr\u00e9sentes Mentions L\u00e9gales sont r\u00e9gies par la loi fran\u00e7aise. En cas de diff\u00e9rend et \u00e0 d\u00e9faut d&rsquo;accord amiable, le litige sera port\u00e9 devant les tribunaux fran\u00e7ais conform\u00e9ment aux r\u00e8gles de comp\u00e9tence en vigueur.<\/p>\n\n\n\n<p style=\"text-align:center\"><strong><br>\nARTICLE 5 &#8211; CONTACT<\/strong><\/p>\n\n\n\n<p> Pour tout signalement de contenus ou d&rsquo;activit\u00e9s illicites, l&rsquo;Utilisateur peut contacter l&rsquo;\u00c9diteur \u00e0 l&rsquo;adresse suivante\u00a0: contact@optimassistance.com, ou par courrier recommand\u00e9 avec accus\u00e9 de r\u00e9ception adress\u00e9 \u00e0 l&rsquo;\u00c9diteur aux coordonn\u00e9es pr\u00e9cis\u00e9es dans les pr\u00e9sentes mentions l\u00e9gales.<\/p>\n\n\n\n<p><em><br>\n<br>\nLe site mg-cm.fr vous souhaite une excellente navigation&nbsp;!<\/em><\/p>\n","protected":false},"excerpt":{"rendered":"<p>MENTIONS L\u00c9GALES DU SITE mg-cm.fr Conform\u00e9ment aux dispositions des Articles 6-III et 19 de la Loi n\u00b02004-575 du 21 juin 2004 pour la Confiance dans l&rsquo;\u00e9conomie num\u00e9rique, dite L.C.E.N., il est port\u00e9 \u00e0 la connaissance des utilisateurs et visiteurs du site mg-cm.fr les pr\u00e9sentes mentions l\u00e9gales. Le site mg-cm.fr est accessible \u00e0 l&rsquo;adresse suivante&nbsp;: https:\/\/mg-cm.fr [&hellip;]<\/p>\n","protected":false},"author":1,"featured_media":0,"parent":0,"menu_order":0,"comment_status":"closed","ping_status":"closed","template":"","meta":{"_monsterinsights_skip_tracking":false,"_monsterinsights_sitenote_active":false,"_monsterinsights_sitenote_note":"","_monsterinsights_sitenote_category":0,"footnotes":""},"class_list":["post-377","page","type-page","status-publish","hentry"],"yoast_head":"<!-- This site is optimized with the Yoast SEO plugin v27.5 - https:\/\/yoast.com\/product\/yoast-seo-wordpress\/ -->\n<title>Mentions l\u00e9gales - MATEO-GARCIA Constructions M\u00e9talliques Or\u00e9e d&#039;Anjou<\/title>\n<meta name=\"robots\" content=\"index, follow, max-snippet:-1, max-image-preview:large, max-video-preview:-1\" \/>\n<link rel=\"canonical\" href=\"https:\/\/mg-cm.fr\/index.php\/mentions-legales\/\" \/>\n<meta property=\"og:locale\" content=\"fr_FR\" \/>\n<meta property=\"og:type\" content=\"article\" \/>\n<meta property=\"og:title\" content=\"Mentions l\u00e9gales - MATEO-GARCIA Constructions M\u00e9talliques Or\u00e9e d&#039;Anjou\" \/>\n<meta property=\"og:description\" content=\"MENTIONS L\u00c9GALES DU SITE mg-cm.fr Conform\u00e9ment aux dispositions des Articles 6-III et 19 de la Loi n\u00b02004-575 du 21 juin 2004 pour la Confiance dans l&rsquo;\u00e9conomie num\u00e9rique, dite L.C.E.N., il est port\u00e9 \u00e0 la connaissance des utilisateurs et visiteurs du site mg-cm.fr les pr\u00e9sentes mentions l\u00e9gales. Le site mg-cm.fr est accessible \u00e0 l&rsquo;adresse suivante&nbsp;: https:\/\/mg-cm.fr [&hellip;]\" \/>\n<meta property=\"og:url\" content=\"https:\/\/mg-cm.fr\/index.php\/mentions-legales\/\" \/>\n<meta property=\"og:site_name\" content=\"MATEO-GARCIA Constructions M\u00e9talliques Or\u00e9e d&#039;Anjou\" \/>\n<meta property=\"article:modified_time\" content=\"2019-10-25T19:28:35+00:00\" \/>\n<meta name=\"twitter:card\" content=\"summary_large_image\" \/>\n<meta name=\"twitter:label1\" content=\"Dur\u00e9e de lecture estim\u00e9e\" \/>\n\t<meta name=\"twitter:data1\" content=\"8 minutes\" \/>\n<script type=\"application\/ld+json\" class=\"yoast-schema-graph\">{\"@context\":\"https:\\\/\\\/schema.org\",\"@graph\":[{\"@type\":\"WebPage\",\"@id\":\"https:\\\/\\\/mg-cm.fr\\\/index.php\\\/mentions-legales\\\/\",\"url\":\"https:\\\/\\\/mg-cm.fr\\\/index.php\\\/mentions-legales\\\/\",\"name\":\"Mentions l\u00e9gales - MATEO-GARCIA Constructions M\u00e9talliques Or\u00e9e d&#039;Anjou\",\"isPartOf\":{\"@id\":\"https:\\\/\\\/mg-cm.fr\\\/#website\"},\"datePublished\":\"2019-10-25T15:14:42+00:00\",\"dateModified\":\"2019-10-25T19:28:35+00:00\",\"breadcrumb\":{\"@id\":\"https:\\\/\\\/mg-cm.fr\\\/index.php\\\/mentions-legales\\\/#breadcrumb\"},\"inLanguage\":\"fr-FR\",\"potentialAction\":[{\"@type\":\"ReadAction\",\"target\":[\"https:\\\/\\\/mg-cm.fr\\\/index.php\\\/mentions-legales\\\/\"]}]},{\"@type\":\"BreadcrumbList\",\"@id\":\"https:\\\/\\\/mg-cm.fr\\\/index.php\\\/mentions-legales\\\/#breadcrumb\",\"itemListElement\":[{\"@type\":\"ListItem\",\"position\":1,\"name\":\"Home\",\"item\":\"https:\\\/\\\/mg-cm.fr\\\/\"},{\"@type\":\"ListItem\",\"position\":2,\"name\":\"Mentions l\u00e9gales\"}]},{\"@type\":\"WebSite\",\"@id\":\"https:\\\/\\\/mg-cm.fr\\\/#website\",\"url\":\"https:\\\/\\\/mg-cm.fr\\\/\",\"name\":\"MATEO-GARCIA Constructions M\u00e9talliques Or\u00e9e d&#039;Anjou\",\"description\":\"B\u00e2timents agricoles, commerciaux et industriels en Pays de la Loire\",\"publisher\":{\"@id\":\"https:\\\/\\\/mg-cm.fr\\\/#organization\"},\"potentialAction\":[{\"@type\":\"SearchAction\",\"target\":{\"@type\":\"EntryPoint\",\"urlTemplate\":\"https:\\\/\\\/mg-cm.fr\\\/?s={search_term_string}\"},\"query-input\":{\"@type\":\"PropertyValueSpecification\",\"valueRequired\":true,\"valueName\":\"search_term_string\"}}],\"inLanguage\":\"fr-FR\"},{\"@type\":\"Organization\",\"@id\":\"https:\\\/\\\/mg-cm.fr\\\/#organization\",\"name\":\"MATEO-GARCIA Constructions M\u00e9talliques Or\u00e9e d&#039;Anjou\",\"url\":\"https:\\\/\\\/mg-cm.fr\\\/\",\"logo\":{\"@type\":\"ImageObject\",\"inLanguage\":\"fr-FR\",\"@id\":\"https:\\\/\\\/mg-cm.fr\\\/#\\\/schema\\\/logo\\\/image\\\/\",\"url\":\"https:\\\/\\\/mg-cm.fr\\\/wp-content\\\/uploads\\\/2019\\\/10\\\/cropped-MG-Logo-ConvertImage-15-pourcent-1.jpg\",\"contentUrl\":\"https:\\\/\\\/mg-cm.fr\\\/wp-content\\\/uploads\\\/2019\\\/10\\\/cropped-MG-Logo-ConvertImage-15-pourcent-1.jpg\",\"width\":302,\"height\":242,\"caption\":\"MATEO-GARCIA Constructions M\u00e9talliques Or\u00e9e d&#039;Anjou\"},\"image\":{\"@id\":\"https:\\\/\\\/mg-cm.fr\\\/#\\\/schema\\\/logo\\\/image\\\/\"}}]}<\/script>\n<!-- \/ Yoast SEO plugin. -->","yoast_head_json":{"title":"Mentions l\u00e9gales - MATEO-GARCIA Constructions M\u00e9talliques Or\u00e9e d&#039;Anjou","robots":{"index":"index","follow":"follow","max-snippet":"max-snippet:-1","max-image-preview":"max-image-preview:large","max-video-preview":"max-video-preview:-1"},"canonical":"https:\/\/mg-cm.fr\/index.php\/mentions-legales\/","og_locale":"fr_FR","og_type":"article","og_title":"Mentions l\u00e9gales - MATEO-GARCIA Constructions M\u00e9talliques Or\u00e9e d&#039;Anjou","og_description":"MENTIONS L\u00c9GALES DU SITE mg-cm.fr Conform\u00e9ment aux dispositions des Articles 6-III et 19 de la Loi n\u00b02004-575 du 21 juin 2004 pour la Confiance dans l&rsquo;\u00e9conomie num\u00e9rique, dite L.C.E.N., il est port\u00e9 \u00e0 la connaissance des utilisateurs et visiteurs du site mg-cm.fr les pr\u00e9sentes mentions l\u00e9gales. Le site mg-cm.fr est accessible \u00e0 l&rsquo;adresse suivante&nbsp;: https:\/\/mg-cm.fr [&hellip;]","og_url":"https:\/\/mg-cm.fr\/index.php\/mentions-legales\/","og_site_name":"MATEO-GARCIA Constructions M\u00e9talliques Or\u00e9e d&#039;Anjou","article_modified_time":"2019-10-25T19:28:35+00:00","twitter_card":"summary_large_image","twitter_misc":{"Dur\u00e9e de lecture estim\u00e9e":"8 minutes"},"schema":{"@context":"https:\/\/schema.org","@graph":[{"@type":"WebPage","@id":"https:\/\/mg-cm.fr\/index.php\/mentions-legales\/","url":"https:\/\/mg-cm.fr\/index.php\/mentions-legales\/","name":"Mentions l\u00e9gales - MATEO-GARCIA Constructions M\u00e9talliques Or\u00e9e d&#039;Anjou","isPartOf":{"@id":"https:\/\/mg-cm.fr\/#website"},"datePublished":"2019-10-25T15:14:42+00:00","dateModified":"2019-10-25T19:28:35+00:00","breadcrumb":{"@id":"https:\/\/mg-cm.fr\/index.php\/mentions-legales\/#breadcrumb"},"inLanguage":"fr-FR","potentialAction":[{"@type":"ReadAction","target":["https:\/\/mg-cm.fr\/index.php\/mentions-legales\/"]}]},{"@type":"BreadcrumbList","@id":"https:\/\/mg-cm.fr\/index.php\/mentions-legales\/#breadcrumb","itemListElement":[{"@type":"ListItem","position":1,"name":"Home","item":"https:\/\/mg-cm.fr\/"},{"@type":"ListItem","position":2,"name":"Mentions l\u00e9gales"}]},{"@type":"WebSite","@id":"https:\/\/mg-cm.fr\/#website","url":"https:\/\/mg-cm.fr\/","name":"MATEO-GARCIA Constructions M\u00e9talliques Or\u00e9e d&#039;Anjou","description":"B\u00e2timents agricoles, commerciaux et industriels en Pays de la Loire","publisher":{"@id":"https:\/\/mg-cm.fr\/#organization"},"potentialAction":[{"@type":"SearchAction","target":{"@type":"EntryPoint","urlTemplate":"https:\/\/mg-cm.fr\/?s={search_term_string}"},"query-input":{"@type":"PropertyValueSpecification","valueRequired":true,"valueName":"search_term_string"}}],"inLanguage":"fr-FR"},{"@type":"Organization","@id":"https:\/\/mg-cm.fr\/#organization","name":"MATEO-GARCIA Constructions M\u00e9talliques Or\u00e9e d&#039;Anjou","url":"https:\/\/mg-cm.fr\/","logo":{"@type":"ImageObject","inLanguage":"fr-FR","@id":"https:\/\/mg-cm.fr\/#\/schema\/logo\/image\/","url":"https:\/\/mg-cm.fr\/wp-content\/uploads\/2019\/10\/cropped-MG-Logo-ConvertImage-15-pourcent-1.jpg","contentUrl":"https:\/\/mg-cm.fr\/wp-content\/uploads\/2019\/10\/cropped-MG-Logo-ConvertImage-15-pourcent-1.jpg","width":302,"height":242,"caption":"MATEO-GARCIA Constructions M\u00e9talliques Or\u00e9e d&#039;Anjou"},"image":{"@id":"https:\/\/mg-cm.fr\/#\/schema\/logo\/image\/"}}]}},"jetpack_sharing_enabled":true,"_links":{"self":[{"href":"https:\/\/mg-cm.fr\/index.php\/wp-json\/wp\/v2\/pages\/377","targetHints":{"allow":["GET"]}}],"collection":[{"href":"https:\/\/mg-cm.fr\/index.php\/wp-json\/wp\/v2\/pages"}],"about":[{"href":"https:\/\/mg-cm.fr\/index.php\/wp-json\/wp\/v2\/types\/page"}],"author":[{"embeddable":true,"href":"https:\/\/mg-cm.fr\/index.php\/wp-json\/wp\/v2\/users\/1"}],"replies":[{"embeddable":true,"href":"https:\/\/mg-cm.fr\/index.php\/wp-json\/wp\/v2\/comments?post=377"}],"version-history":[{"count":2,"href":"https:\/\/mg-cm.fr\/index.php\/wp-json\/wp\/v2\/pages\/377\/revisions"}],"predecessor-version":[{"id":386,"href":"https:\/\/mg-cm.fr\/index.php\/wp-json\/wp\/v2\/pages\/377\/revisions\/386"}],"wp:attachment":[{"href":"https:\/\/mg-cm.fr\/index.php\/wp-json\/wp\/v2\/media?parent=377"}],"curies":[{"name":"wp","href":"https:\/\/api.w.org\/{rel}","templated":true}]}}